{"id":329,"date":"2023-04-12T21:35:14","date_gmt":"2023-04-12T19:35:14","guid":{"rendered":"https:\/\/www.sophiejelger.fr\/?page_id=329"},"modified":"2025-07-10T16:39:43","modified_gmt":"2025-07-10T14:39:43","slug":"blog-decoration-interieur-ecoresponsable-design-interieur-durable","status":"publish","type":"page","link":"https:\/\/www.sophiejelger.fr\/index.php\/blog-decoration-interieur-ecoresponsable-design-interieur-durable\/","title":{"rendered":"Blog d\u00e9coration int\u00e9rieure durable"},"content":{"rendered":"\n<h2 class=\"wp-block-heading\">Blog de Sophie<\/h2>\n\n\n\n<p>Je partage dans ce <a href=\"https:\/\/www.sophiejelger.fr\/index.php\/blog-decoration-interieur-ecoresponsable-design-interieur-durable\/\" target=\"_blank\" rel=\"noreferrer noopener\">blog<\/a> de d\u00e9coration d&rsquo;int\u00e9rieur \u00e9co-responsable mes r\u00e9alisations, mes coups de c\u0153ur et inspirations. D\u00e9couvrez mon univers o\u00f9 le style rencontre la durabilit\u00e9 avec des conseils pratiques pour cr\u00e9er des espaces qui refl\u00e8tent votre \u00e9thique et votre esth\u00e9tique.<\/p>\n","protected":false},"excerpt":{"rendered":"<p>Blog de Sophie Je partage dans ce blog de d\u00e9coration d&rsquo;int\u00e9rieur \u00e9co-responsable mes r\u00e9alisations, mes coups de c\u0153ur et inspirations. D\u00e9couvrez mon univers o\u00f9 le style rencontre la durabilit\u00e9 avec des conseils pratiques pour cr\u00e9er des espaces qui refl\u00e8tent votre \u00e9thique et votre esth\u00e9tique.<\/p>\n","protected":false},"author":1,"featured_media":0,"parent":0,"menu_order":0,"comment_status":"closed","ping_status":"closed","template":"blog","meta":{"footnotes":""},"class_list":["post-329","page","type-page","status-publish","hentry"],"_links":{"self":[{"href":"https:\/\/www.sophiejelger.fr\/index.php\/wp-json\/wp\/v2\/pages\/329","targetHints":{"allow":["GET"]}}],"collection":[{"href":"https:\/\/www.sophiejelger.fr\/index.php\/wp-json\/wp\/v2\/pages"}],"about":[{"href":"https:\/\/www.sophiejelger.fr\/index.php\/wp-json\/wp\/v2\/types\/page"}],"author":[{"embeddable":true,"href":"https:\/\/www.sophiejelger.fr\/index.php\/wp-json\/wp\/v2\/users\/1"}],"replies":[{"embeddable":true,"href":"https:\/\/www.sophiejelger.fr\/index.php\/wp-json\/wp\/v2\/comments?post=329"}],"version-history":[{"count":5,"href":"https:\/\/www.sophiejelger.fr\/index.php\/wp-json\/wp\/v2\/pages\/329\/revisions"}],"predecessor-version":[{"id":2213,"href":"https:\/\/www.sophiejelger.fr\/index.php\/wp-json\/wp\/v2\/pages\/329\/revisions\/2213"}],"wp:attachment":[{"href":"https:\/\/www.sophiejelger.fr\/index.php\/wp-json\/wp\/v2\/media?parent=329"}],"curies":[{"name":"wp","href":"https:\/\/api.w.org\/{rel}","templated":true}]}}